{"id":43,"date":"2022-08-28T22:43:12","date_gmt":"2022-08-28T20:43:12","guid":{"rendered":"https:\/\/belfort-paris.ms.decms.eu\/?page_id=43"},"modified":"2026-02-20T16:31:50","modified_gmt":"2026-02-20T15:31:50","slug":"superior-double-room","status":"publish","type":"page","link":"https:\/\/www.hoteldebelfort.com\/fr\/hotel-belforts-rooms\/superior-double-room\/","title":{"rendered":"Chambre Double Sup\u00e9rieure"},"content":{"rendered":"<p>Id\u00e9ales pour les couples lors d&rsquo;une excursion romantique \u00e0 Paris, les chambres doubles sup\u00e9rieures sont dot\u00e9es de lits confortables et de couleurs vives, avec des images frappantes sur les murs et des parquets \u00e9l\u00e9gants. Gr\u00e2ce au Wi-Fi gratuit, il est facile de rester en contact avec la maison ou d&rsquo;utiliser Internet pour planifier votre temps, et lorsque vous vous reposez \u00e0 la fin d&rsquo;une journ\u00e9e d&rsquo;aventure, vous pouvez regarder votre film pr\u00e9f\u00e9r\u00e9 sur votre t\u00e9l\u00e9vision \u00e0 \u00e9cran plat.<\/p>\n","protected":false},"excerpt":{"rendered":"<p>Id\u00e9ales pour les couples lors d&rsquo;une excursion romantique \u00e0 Paris, les chambres doubles sup\u00e9rieures sont dot\u00e9es de lits confortables et de couleurs vives, avec des images frappantes sur les murs et des parquets \u00e9l\u00e9gants. Gr\u00e2ce au Wi-Fi gratuit, il est facile de rester en contact avec la maison ou d&rsquo;utiliser Internet pour planifier votre temps, [&hellip;]<\/p>\n","protected":false},"author":475,"featured_media":256,"parent":12,"menu_order":40,"comment_status":"closed","ping_status":"closed","template":"template-single-room.php","meta":{"footnotes":""},"class_list":["post-43","page","type-page","status-publish","has-post-thumbnail","hentry"],"yoast_head":"<!-- This site is optimized with the Yoast SEO plugin v26.9 - https:\/\/yoast.com\/product\/yoast-seo-wordpress\/ -->\n<title>Chambre Double Sup\u00e9rieure Paris 11e | H\u00f4tel Belfort Paris<\/title>\n<meta name=\"description\" content=\"Chambre sup\u00e9rieure spacieuse \u00e0 Paris 11e. Plus d&#039;espace, lit 140x190, climatisation, WiFi. \u00c0 10 min de l&#039;Atelier des Lumi\u00e8res. R\u00e9servez !\" \/>\n<meta name=\"robots\" content=\"index, follow, max-snippet:-1, max-image-preview:large, max-video-preview:-1\" \/>\n<link rel=\"canonical\" href=\"https:\/\/www.hoteldebelfort.com\/fr\/hotel-belforts-rooms\/superior-double-room\/\" \/>\n<meta property=\"og:locale\" content=\"fr_FR\" \/>\n<meta property=\"og:type\" content=\"article\" \/>\n<meta property=\"og:title\" content=\"Chambre Double Sup\u00e9rieure Paris 11e | H\u00f4tel Belfort Paris\" \/>\n<meta property=\"og:description\" content=\"Chambre sup\u00e9rieure spacieuse \u00e0 Paris 11e. Plus d&#039;espace, lit 140x190, climatisation, WiFi. \u00c0 10 min de l&#039;Atelier des Lumi\u00e8res. R\u00e9servez !\" \/>\n<meta property=\"og:url\" content=\"https:\/\/www.hoteldebelfort.com\/fr\/hotel-belforts-rooms\/superior-double-room\/\" \/>\n<meta property=\"og:site_name\" content=\"Belfort Paris\" \/>\n<meta property=\"article:modified_time\" content=\"2026-02-20T15:31:50+00:00\" \/>\n<meta property=\"og:image\" content=\"https:\/\/www.hoteldebelfort.com\/wp-content\/uploads\/sites\/480\/2025\/04\/502.jpg\" \/>\n\t<meta property=\"og:image:width\" content=\"1200\" \/>\n\t<meta property=\"og:image:height\" content=\"900\" \/>\n\t<meta property=\"og:image:type\" content=\"image\/jpeg\" \/>\n<meta name=\"twitter:card\" content=\"summary_large_image\" \/>\n<script type=\"application\/ld+json\" class=\"yoast-schema-graph\">{\"@context\":\"https:\/\/schema.org\",\"@graph\":[{\"@type\":\"WebPage\",\"@id\":\"https:\/\/www.hoteldebelfort.com\/fr\/hotel-belforts-rooms\/superior-double-room\/\",\"url\":\"https:\/\/www.hoteldebelfort.com\/fr\/hotel-belforts-rooms\/superior-double-room\/\",\"name\":\"Chambre Double Sup\u00e9rieure Paris 11e | H\u00f4tel Belfort Paris\",\"isPartOf\":{\"@id\":\"https:\/\/www.hoteldebelfort.com\/fr\/#website\"},\"primaryImageOfPage\":{\"@id\":\"https:\/\/www.hoteldebelfort.com\/fr\/hotel-belforts-rooms\/superior-double-room\/#primaryimage\"},\"image\":{\"@id\":\"https:\/\/www.hoteldebelfort.com\/fr\/hotel-belforts-rooms\/superior-double-room\/#primaryimage\"},\"thumbnailUrl\":\"https:\/\/www.hoteldebelfort.com\/wp-content\/uploads\/sites\/480\/2025\/04\/502.jpg\",\"datePublished\":\"2022-08-28T20:43:12+00:00\",\"dateModified\":\"2026-02-20T15:31:50+00:00\",\"description\":\"Chambre sup\u00e9rieure spacieuse \u00e0 Paris 11e. Plus d'espace, lit 140x190, climatisation, WiFi. \u00c0 10 min de l'Atelier des Lumi\u00e8res. R\u00e9servez !\",\"breadcrumb\":{\"@id\":\"https:\/\/www.hoteldebelfort.com\/fr\/hotel-belforts-rooms\/superior-double-room\/#breadcrumb\"},\"inLanguage\":\"fr-FR\",\"potentialAction\":[{\"@type\":\"ReadAction\",\"target\":[\"https:\/\/www.hoteldebelfort.com\/fr\/hotel-belforts-rooms\/superior-double-room\/\"]}]},{\"@type\":\"ImageObject\",\"inLanguage\":\"fr-FR\",\"@id\":\"https:\/\/www.hoteldebelfort.com\/fr\/hotel-belforts-rooms\/superior-double-room\/#primaryimage\",\"url\":\"https:\/\/www.hoteldebelfort.com\/wp-content\/uploads\/sites\/480\/2025\/04\/502.jpg\",\"contentUrl\":\"https:\/\/www.hoteldebelfort.com\/wp-content\/uploads\/sites\/480\/2025\/04\/502.jpg\",\"width\":1200,\"height\":900},{\"@type\":\"BreadcrumbList\",\"@id\":\"https:\/\/www.hoteldebelfort.com\/fr\/hotel-belforts-rooms\/superior-double-room\/#breadcrumb\",\"itemListElement\":[{\"@type\":\"ListItem\",\"position\":1,\"name\":\"Accueil\",\"item\":\"https:\/\/www.hoteldebelfort.com\/fr\/\"},{\"@type\":\"ListItem\",\"position\":2,\"name\":\"Chambres de l&#8217;h\u00f4tel Belfort\",\"item\":\"https:\/\/www.hoteldebelfort.com\/fr\/hotel-belforts-rooms\/\"},{\"@type\":\"ListItem\",\"position\":3,\"name\":\"Chambre Double Sup\u00e9rieure\"}]},{\"@type\":\"WebSite\",\"@id\":\"https:\/\/www.hoteldebelfort.com\/fr\/#website\",\"url\":\"https:\/\/www.hoteldebelfort.com\/fr\/\",\"name\":\"Belfort Paris\",\"description\":\"Un site utilisant ms.decms.eu\",\"potentialAction\":[{\"@type\":\"SearchAction\",\"target\":{\"@type\":\"EntryPoint\",\"urlTemplate\":\"https:\/\/www.hoteldebelfort.com\/fr\/?s={search_term_string}\"},\"query-input\":{\"@type\":\"PropertyValueSpecification\",\"valueRequired\":true,\"valueName\":\"search_term_string\"}}],\"inLanguage\":\"fr-FR\"}]}<\/script>\n<!-- \/ Yoast SEO plugin. -->","yoast_head_json":{"title":"Chambre Double Sup\u00e9rieure Paris 11e | H\u00f4tel Belfort Paris","description":"Chambre sup\u00e9rieure spacieuse \u00e0 Paris 11e. Plus d'espace, lit 140x190, climatisation, WiFi. \u00c0 10 min de l'Atelier des Lumi\u00e8res. R\u00e9servez !","robots":{"index":"index","follow":"follow","max-snippet":"max-snippet:-1","max-image-preview":"max-image-preview:large","max-video-preview":"max-video-preview:-1"},"canonical":"https:\/\/www.hoteldebelfort.com\/fr\/hotel-belforts-rooms\/superior-double-room\/","og_locale":"fr_FR","og_type":"article","og_title":"Chambre Double Sup\u00e9rieure Paris 11e | H\u00f4tel Belfort Paris","og_description":"Chambre sup\u00e9rieure spacieuse \u00e0 Paris 11e. Plus d'espace, lit 140x190, climatisation, WiFi. \u00c0 10 min de l'Atelier des Lumi\u00e8res. R\u00e9servez !","og_url":"https:\/\/www.hoteldebelfort.com\/fr\/hotel-belforts-rooms\/superior-double-room\/","og_site_name":"Belfort Paris","article_modified_time":"2026-02-20T15:31:50+00:00","og_image":[{"width":1200,"height":900,"url":"https:\/\/www.hoteldebelfort.com\/wp-content\/uploads\/sites\/480\/2025\/04\/502.jpg","type":"image\/jpeg"}],"twitter_card":"summary_large_image","schema":{"@context":"https:\/\/schema.org","@graph":[{"@type":"WebPage","@id":"https:\/\/www.hoteldebelfort.com\/fr\/hotel-belforts-rooms\/superior-double-room\/","url":"https:\/\/www.hoteldebelfort.com\/fr\/hotel-belforts-rooms\/superior-double-room\/","name":"Chambre Double Sup\u00e9rieure Paris 11e | H\u00f4tel Belfort Paris","isPartOf":{"@id":"https:\/\/www.hoteldebelfort.com\/fr\/#website"},"primaryImageOfPage":{"@id":"https:\/\/www.hoteldebelfort.com\/fr\/hotel-belforts-rooms\/superior-double-room\/#primaryimage"},"image":{"@id":"https:\/\/www.hoteldebelfort.com\/fr\/hotel-belforts-rooms\/superior-double-room\/#primaryimage"},"thumbnailUrl":"https:\/\/www.hoteldebelfort.com\/wp-content\/uploads\/sites\/480\/2025\/04\/502.jpg","datePublished":"2022-08-28T20:43:12+00:00","dateModified":"2026-02-20T15:31:50+00:00","description":"Chambre sup\u00e9rieure spacieuse \u00e0 Paris 11e. Plus d'espace, lit 140x190, climatisation, WiFi. \u00c0 10 min de l'Atelier des Lumi\u00e8res. R\u00e9servez !","breadcrumb":{"@id":"https:\/\/www.hoteldebelfort.com\/fr\/hotel-belforts-rooms\/superior-double-room\/#breadcrumb"},"inLanguage":"fr-FR","potentialAction":[{"@type":"ReadAction","target":["https:\/\/www.hoteldebelfort.com\/fr\/hotel-belforts-rooms\/superior-double-room\/"]}]},{"@type":"ImageObject","inLanguage":"fr-FR","@id":"https:\/\/www.hoteldebelfort.com\/fr\/hotel-belforts-rooms\/superior-double-room\/#primaryimage","url":"https:\/\/www.hoteldebelfort.com\/wp-content\/uploads\/sites\/480\/2025\/04\/502.jpg","contentUrl":"https:\/\/www.hoteldebelfort.com\/wp-content\/uploads\/sites\/480\/2025\/04\/502.jpg","width":1200,"height":900},{"@type":"BreadcrumbList","@id":"https:\/\/www.hoteldebelfort.com\/fr\/hotel-belforts-rooms\/superior-double-room\/#breadcrumb","itemListElement":[{"@type":"ListItem","position":1,"name":"Accueil","item":"https:\/\/www.hoteldebelfort.com\/fr\/"},{"@type":"ListItem","position":2,"name":"Chambres de l&#8217;h\u00f4tel Belfort","item":"https:\/\/www.hoteldebelfort.com\/fr\/hotel-belforts-rooms\/"},{"@type":"ListItem","position":3,"name":"Chambre Double Sup\u00e9rieure"}]},{"@type":"WebSite","@id":"https:\/\/www.hoteldebelfort.com\/fr\/#website","url":"https:\/\/www.hoteldebelfort.com\/fr\/","name":"Belfort Paris","description":"Un site utilisant ms.decms.eu","potentialAction":[{"@type":"SearchAction","target":{"@type":"EntryPoint","urlTemplate":"https:\/\/www.hoteldebelfort.com\/fr\/?s={search_term_string}"},"query-input":{"@type":"PropertyValueSpecification","valueRequired":true,"valueName":"search_term_string"}}],"inLanguage":"fr-FR"}]}},"acf":[],"_links":{"self":[{"href":"https:\/\/www.hoteldebelfort.com\/fr\/wp-json\/wp\/v2\/pages\/43","targetHints":{"allow":["GET"]}}],"collection":[{"href":"https:\/\/www.hoteldebelfort.com\/fr\/wp-json\/wp\/v2\/pages"}],"about":[{"href":"https:\/\/www.hoteldebelfort.com\/fr\/wp-json\/wp\/v2\/types\/page"}],"author":[{"embeddable":true,"href":"https:\/\/www.hoteldebelfort.com\/fr\/wp-json\/wp\/v2\/users\/475"}],"replies":[{"embeddable":true,"href":"https:\/\/www.hoteldebelfort.com\/fr\/wp-json\/wp\/v2\/comments?post=43"}],"version-history":[{"count":0,"href":"https:\/\/www.hoteldebelfort.com\/fr\/wp-json\/wp\/v2\/pages\/43\/revisions"}],"up":[{"embeddable":true,"href":"https:\/\/www.hoteldebelfort.com\/fr\/wp-json\/wp\/v2\/pages\/12"}],"wp:featuredmedia":[{"embeddable":true,"href":"https:\/\/www.hoteldebelfort.com\/fr\/wp-json\/wp\/v2\/media\/256"}],"wp:attachment":[{"href":"https:\/\/www.hoteldebelfort.com\/fr\/wp-json\/wp\/v2\/media?parent=43"}],"curies":[{"name":"wp","href":"https:\/\/api.w.org\/{rel}","templated":true}]}}